{"id":89,"date":"2019-11-12T23:42:01","date_gmt":"2019-11-12T23:42:01","guid":{"rendered":"https:\/\/bergbauer-steuerkanzlei.de\/home\/?page_id=89"},"modified":"2024-10-15T10:38:32","modified_gmt":"2024-10-15T10:38:32","slug":"impressum","status":"publish","type":"page","link":"https:\/\/bergbauer-steuerkanzlei.de\/home\/impressum\/","title":{"rendered":"Impressum"},"content":{"rendered":"<p>[vc_section]<section id=\"\"  class=\"light\"> <div class=\"container\">  <div class=\"row\"><div class=\"col-md-2  text-default\" ><\/div><div class=\"col-md-8  text-default\" >[vc_wp_text]<\/p>\n<h4><span style=\"color: #003366;\">Verantwortlich f\u00fcr redaktionelle Inhalte gem\u00e4\u00df:<\/span><\/h4>\n<p>Karl Bergbauer<br \/>\nRodinger Stra\u00dfe 19<br \/>\n93413 Cham<\/p>\n<p>&nbsp;<\/p>\n<p><strong>Kontaktdaten:<\/strong><\/p>\n<p>Dipl. Finanzwirt (FH)<br \/>\nKarl Bergbauer<br \/>\nSteuerberater, vBP<\/p>\n<p>Rodinger Stra\u00dfe 19<br \/>\n93413 Cham<br \/>\nTel.:\u00a0 \u00a0 \u00a0+49 9971 8512-0<br \/>\nEmail:\u00a0 info(at)stk-bergbauer.de<\/p>\n<p>&nbsp;<\/p>\n<p><strong>Umsatzsteuer-ID:<\/strong><\/p>\n<p>DE 132 372 677<\/p>\n<p>&nbsp;<\/p>\n<p><span style=\"color: #003366;\"><strong>Steuerberater:<\/strong><\/span><br \/>\nDie gesetzliche Berufsbezeichnung Steuerberater wurde verliehen in der<br \/>\nBundesrepublik Deutschland.<\/p>\n<p><strong>Zust\u00e4ndige Aufsichtsbeh\u00f6rde:<\/strong><br \/>\nSteuerberaterkammer N\u00fcrnberg K\u00f6R<br \/>\nKarolinenstr. 28<br \/>\n90402 N\u00fcrnberg<\/p>\n<p>Tel.:\u00a0 \u00a0 +49 911 94 626-0<br \/>\nEmail: info(at)stbk-nuernberg.de<br \/>\nWeb:\u00a0 \u00a0www.stbk-nuernberg.de<\/p>\n<p>Der Berufsstand der Steuerberater unterliegt den unter<br \/>\nwww.bstbk.de\/de\/steuerberater\/berufsrecht genannten berufsrechtlichen Regelungen.<\/p>\n<p>&nbsp;<\/p>\n<p><span style=\"color: #003366;\"><strong>Vereidigter Buchpr\u00fcfer:<\/strong><\/span><br \/>\nDie gesetzliche Berufsbezeichnung vereidigter Buchpr\u00fcfer wurde verliehen in der<br \/>\nBundesrepublik Deutschland.<\/p>\n<p><strong>Zust\u00e4ndige Aufsichtsbeh\u00f6rde:<\/strong><br \/>\nWirtschaftspr\u00fcferkammer LGS Bayern<br \/>\nMarsstra\u00dfe 4<br \/>\n80335 M\u00fcnchen<br \/>\nTel.:\u00a0 \u00a0 \u00a0 \u00a0+49 89 544616-11<br \/>\nE-Mail:\u00a0 lgs-muenchen(at)wpk.de<br \/>\nWeb:\u00a0 \u00a0 \u00a0www.wpk.de<\/p>\n<p>Der Berufsstand Vereidigter Buchpr\u00fcfer unterliegt den unter<br \/>\nwww.wpk.de\/wpk\/rechtsvorschriften\u00a0genannten berufsrechtlichen Regelungen.<\/p>\n<p>&nbsp;<\/p>\n<p><strong>Plattform der EU-Kommission zur Online-Streitbeilegung:<\/strong><br \/>\nwww.ec.europa.eu\/consumers\/odr[\/vc_wp_text]<\/div><div class=\"col-md-2  text-default\" ><\/div>  <\/div>  <\/div><\/section>[\/vc_section]<\/p>\n","protected":false},"excerpt":{"rendered":"<p>[vc_section][\/vc_section]<\/p>\n","protected":false},"author":1,"featured_media":0,"parent":0,"menu_order":1000,"comment_status":"closed","ping_status":"closed","template":"","meta":{"footnotes":""},"class_list":["post-89","page","type-page","status-publish","hentry"],"jetpack_sharing_enabled":true,"_links":{"self":[{"href":"https:\/\/bergbauer-steuerkanzlei.de\/home\/wp-json\/wp\/v2\/pages\/89","targetHints":{"allow":["GET"]}}],"collection":[{"href":"https:\/\/bergbauer-steuerkanzlei.de\/home\/wp-json\/wp\/v2\/pages"}],"about":[{"href":"https:\/\/bergbauer-steuerkanzlei.de\/home\/wp-json\/wp\/v2\/types\/page"}],"author":[{"embeddable":true,"href":"https:\/\/bergbauer-steuerkanzlei.de\/home\/wp-json\/wp\/v2\/users\/1"}],"replies":[{"embeddable":true,"href":"https:\/\/bergbauer-steuerkanzlei.de\/home\/wp-json\/wp\/v2\/comments?post=89"}],"version-history":[{"count":10,"href":"https:\/\/bergbauer-steuerkanzlei.de\/home\/wp-json\/wp\/v2\/pages\/89\/revisions"}],"predecessor-version":[{"id":365,"href":"https:\/\/bergbauer-steuerkanzlei.de\/home\/wp-json\/wp\/v2\/pages\/89\/revisions\/365"}],"wp:attachment":[{"href":"https:\/\/bergbauer-steuerkanzlei.de\/home\/wp-json\/wp\/v2\/media?parent=89"}],"curies":[{"name":"wp","href":"https:\/\/api.w.org\/{rel}","templated":true}]}}